{"id":495,"date":"2015-02-09T18:26:06","date_gmt":"2015-02-09T18:26:06","guid":{"rendered":"http:\/\/artshop.biancoscuro.it\/site\/shop\/mostre-fiere\/11a-arte-genova-ingresso-omaggio-vernice\/"},"modified":"2023-03-06T18:56:39","modified_gmt":"2023-03-06T17:56:39","slug":"11a-arte-genova-ingresso-omaggio-vernice","status":"publish","type":"product","link":"https:\/\/artshop.biancoscuro.it\/site\/shop\/mostre-eventi-fiere\/11a-arte-genova-ingresso-omaggio-vernice\/","title":{"rendered":"11\u00aa ARTE Genova &#8211; Ingresso omaggio + vernice"},"content":{"rendered":"<p><img loading=\"lazy\" decoding=\"async\" class=\"alignnone size-medium wp-image-497\" src=\"http:\/\/artshop.biancoscuro.it\/site\/wp-content\/uploads\/2015\/02\/BIANCOSCUROshop-300x285.jpg\" alt=\"BIANCOSCUROshop\" width=\"300\" height=\"285\" \/><\/p>\n<p>Clicca su <strong>ACQUISTA<\/strong> (gratis) aggiungi\u00a0al carrello, concludi l&#8217;ordine e <strong>scarica gratuitamente<\/strong> l&#8217;ingresso omaggio per ARTE GENOVA\u00a0cliccando su &#8220;<strong>Download file: ARTEGENOVA_OMAGGIO_BIANCOSCURO<\/strong>&#8220;.<\/p>\n<p><strong>BIANCOSCURO,\u00a0presente con il proprio stand editoriale,\u00a0<\/strong>ti offre anche la possibilit\u00e0 di<strong>\u00a0partecipare\u00a0<span style=\"text-decoration: underline;\">gratuitamente<\/span>\u00a0<\/strong>alla<strong>\u00a0vernice\u00a0<\/strong>di<strong>\u00a0<span style=\"text-decoration: underline;\">ARTE Genova<\/span>\u00a0<\/strong>che si terr\u00e0<strong>\u00a0gioved\u00ec 12 febbraio\u00a0<\/strong>alle<strong>\u00a018.00\u00a0<\/strong>con la stessa procedura di registrazione per il biglietto omaggio di ARTE GENOVA potrai cliccare su\u00a0&#8220;<strong>Download file: ARTEGENOVAvernice_OMAGGIO_BIANCOSCURO<\/strong>&#8220;.<\/p>\n<p><span style=\"line-height: 1.5;\">L&#8217;invito \u00e8 offerto da <\/span><strong style=\"line-height: 1.5;\">BIANCOSCURO<\/strong><span style=\"line-height: 1.5;\">\u00a0<\/span><span style=\"text-decoration: underline;\"><strong>NON DOVRAI PAGARE NULLA!<\/strong><\/span><\/p>\n<p><b>ARTE\u00a0GENOVA\u00a02015<br \/>\n<\/b>Padiglione Blu, dal 13 al 16 febbraio 2015, Piazzale J.F. Kennedy\u00a01\u00a0&#8211; Fiera di Genova.<\/p>\n<p>&nbsp;<\/p>\n<p><b>ARTE GENOVA\u00a02015<\/b><\/p>\n<p>Cinque giorni all\u2019insegna della cultura e dell\u2019investimento nell\u2019arte attesi ogni anno da un numero considerevole di operatori, visitatori, investitori e collezionisti provenienti da tutta l\u2019area Nord Ovest (Liguria, Piemonte, Valle d\u2019Aosta, Lombardia, Toscana, Emilia). Pi\u00f9 di\u00a0100 gallerie\u00a0offriranno a tutti gli appassionati una antologia di opere come sempre di altissimo livello. Sar\u00e0 cos\u00ec possibile passeggiare tra assoluti e intramontabili capolavori dell\u2019arte quali:\u00a0<strong><em>Accardi, Afro, Arman, Baj, Balla, Boetti, Burri, Carr\u00e0, Christo, Clemente, De Chirico, De Pisis, Dorazio, Fontana, Guttuso, Haring, Hartung, Klee, Magritte, Mathieu, Matta, Morandi, Picasso, Pistoletto, Rosai, Rotella, Santomaso, Sassu, Schifano, Sironi, Soffici, Soldati, Tamburri, Vasarely, Vedova, Warhol, Wesselmann e molti altri<\/em><\/strong>, fino ad approdare all\u2019arte di attualit\u00e0 e alle inedite sperimentazioni degli artisti contemporanei racchiuse nei video, nelle installazioni, nelle fotografie o in una performance dal vivo.<\/p>\n<h3>Perch\u00e9\u00a0Genova<\/h3>\n<p><span class=\"dx\"><img decoding=\"async\" class=\"alignnone size-full wp-image-4005\" src=\"http:\/\/www.artegenova.com\/wp-content\/uploads\/2014\/09\/logo-artegenova-blu.png\" alt=\"logo-artegenova-blu\" \/><\/span><\/p>\n<p>Genova, citt\u00e0 la cui provincia conta 900.000 abitanti, si \u00e8 sempre dimostrata molto sensibile all\u2019arte moderna e contemporanea: testimoni ne sono la presenza nel capoluogo ligure di numerose gallerie d\u2019arte e le sempre pi\u00f9 frequenti iniziative artistiche promosse dalla cittadinanza. L\u2019ottima posizione strategica della citt\u00e0, da sempre fulcro dell\u2019 attivit\u00e0 portuale del Paese, millenario crocevia verso Milano, Torino, Bologna, Firenze, richiama visitatori e collezionisti anche dalla vicinissima Francia e dalla Svizzera, per non parlare della straordinaria visibilit\u00e0 di cui beneficer\u00e0 la Mostra, grazie ad un piano media messo appunto e perfezionato ogni anno, coinvolgendo i quotidiani nazionali e locali, la pubblicit\u00e0 sulle riviste specializzate, sulle radio locali e nazionali, le affissioni nelle maggiori citt\u00e0 italiane, compresa la pubblicit\u00e0 dinamica sui bus cittadini, oltre alla preziosit\u00e0 di un sito internet visitato tutto l\u2019anno, che registra centinaia di migliaia di contatti nei giorni a ridosso della fiera.<\/p>\n<p><strong>ArteGenova \u00e8 una importante e consolidata occasione di investimento.<\/strong><\/p>\n","protected":false},"excerpt":{"rendered":"<p><img loading=\"lazy\" decoding=\"async\" class=\"alignnone size-medium wp-image-497\" src=\"http:\/\/artshop.biancoscuro.it\/site\/wp-content\/uploads\/2015\/02\/BIANCOSCUROshop-300x285.jpg\" alt=\"BIANCOSCUROshop\" width=\"300\" height=\"285\" \/><\/p>\n<p>Clicca su\u00a0<strong>ACQUISTA<\/strong>\u00a0(gratis) aggiungi\u00a0al carrello, concludi l&#8217;ordine e\u00a0<strong>scarica gratuitamente<\/strong>\u00a0l&#8217;ingresso omaggio per ARTE\u00a0GENOVA\u00a0cliccando su &#8220;<strong>Download file: ARTEGENOVA_OMAGGIO_BIANCOSCURO<\/strong>&#8220;.<\/p>\n<p><strong>BIANCOSCURO, presente con il proprio stand editoriale, <\/strong>ti offre anche la possibilit\u00e0 di<strong> partecipare\u00a0<span style=\"text-decoration: underline;\">gratuitamente<\/span>\u00a0<\/strong>alla<strong>\u00a0vernice <\/strong>di<strong>\u00a0<span style=\"text-decoration: underline;\">ARTE Genova<\/span>\u00a0<\/strong>che si terr\u00e0<strong>\u00a0gioved\u00ec 12 febbraio <\/strong>alle<strong> 18.00\u00a0<\/strong>con la stessa procedura di registrazione per il biglietto omaggio di ARTE GENOVA potrai cliccare su\u00a0&#8220;<strong>Download file: ARTEGENOVAvernice_OMAGGIO_BIANCOSCURO<\/strong>&#8220;.<\/p>\n<p>L&#8217;invito \u00e8 offerto da\u00a0<strong>BIANCOSCURO<\/strong>\u00a0<span style=\"text-decoration: underline;\"><strong>NON DOVRAI PAGARE NULLA!<\/strong><\/span><\/p>\n","protected":false},"featured_media":497,"template":"","meta":[],"product_brand":[],"product_cat":[50],"product_tag":[],"class_list":{"0":"post-495","1":"product","2":"type-product","3":"status-publish","4":"has-post-thumbnail","6":"product_cat-mostre-eventi-fiere","7":"product_shipping_class-spedizione-gratuita","9":"first","10":"outofstock","11":"sale","12":"downloadable","13":"virtual","14":"purchasable","15":"product-type-simple"},"jetpack_sharing_enabled":true,"_links":{"self":[{"href":"https:\/\/artshop.biancoscuro.it\/site\/wp-json\/wp\/v2\/product\/495","targetHints":{"allow":["GET"]}}],"collection":[{"href":"https:\/\/artshop.biancoscuro.it\/site\/wp-json\/wp\/v2\/product"}],"about":[{"href":"https:\/\/artshop.biancoscuro.it\/site\/wp-json\/wp\/v2\/types\/product"}],"wp:featuredmedia":[{"embeddable":true,"href":"https:\/\/artshop.biancoscuro.it\/site\/wp-json\/wp\/v2\/media\/497"}],"wp:attachment":[{"href":"https:\/\/artshop.biancoscuro.it\/site\/wp-json\/wp\/v2\/media?parent=495"}],"wp:term":[{"taxonomy":"product_brand","embeddable":true,"href":"https:\/\/artshop.biancoscuro.it\/site\/wp-json\/wp\/v2\/product_brand?post=495"},{"taxonomy":"product_cat","embeddable":true,"href":"https:\/\/artshop.biancoscuro.it\/site\/wp-json\/wp\/v2\/product_cat?post=495"},{"taxonomy":"product_tag","embeddable":true,"href":"https:\/\/artshop.biancoscuro.it\/site\/wp-json\/wp\/v2\/product_tag?post=495"}],"curies":[{"name":"wp","href":"https:\/\/api.w.org\/{rel}","templated":true}]}}